{"id":153,"date":"2021-05-18T01:54:59","date_gmt":"2021-05-18T01:54:59","guid":{"rendered":"http:\/\/novo.aeabadebacal.pt:8083\/index.php\/academics\/"},"modified":"2024-08-12T07:44:37","modified_gmt":"2024-08-12T07:44:37","slug":"academics","status":"publish","type":"page","link":"https:\/\/www.aeabadebacal.pt\/index.php\/academics\/","title":{"rendered":"Aprender na ESAB"},"content":{"rendered":"\t\t<div data-elementor-type=\"wp-page\" data-elementor-id=\"153\" class=\"elementor elementor-153\" data-elementor-settings=\"{&quot;ha_cmc_init_switcher&quot;:&quot;no&quot;}\">\n\t\t\t\t\t\t<section class=\"elementor-section elementor-top-section elementor-element elementor-element-32edea8 elementor-section-boxed elementor-section-height-default elementor-section-height-default\" data-id=\"32edea8\" data-element_type=\"section\" data-settings=\"{&quot;_ha_eqh_enable&quot;:false}\">\n\t\t\t\t\t\t<div class=\"elementor-container elementor-column-gap-default\">\n\t\t\t\t\t<div class=\"elementor-column elementor-col-100 elementor-top-column elementor-element elementor-element-4e67d6e\" data-id=\"4e67d6e\" data-element_type=\"column\">\n\t\t\t<div class=\"elementor-widget-wrap elementor-element-populated\">\n\t\t\t\t\t\t<div class=\"elementor-element elementor-element-978a8c9 elementor-widget elementor-widget-image\" data-id=\"978a8c9\" data-element_type=\"widget\" data-widget_type=\"image.default\">\n\t\t\t\t<div class=\"elementor-widget-container\">\n\t\t\t\t\t\t\t\t\t\t\t\t\t\t\t<img decoding=\"async\" src=\"https:\/\/www.aeabadebacal.pt\/wp-content\/uploads\/2022\/04\/aprender-na-esab.png\" title=\"aprender na esab\" alt=\"aprender na esab\" loading=\"lazy\" \/>\t\t\t\t\t\t\t\t\t\t\t\t\t\t\t<\/div>\n\t\t\t\t<\/div>\n\t\t\t\t\t<\/div>\n\t\t<\/div>\n\t\t\t\t\t<\/div>\n\t\t<\/section>\n\t\t\t\t<section class=\"elementor-section elementor-top-section elementor-element elementor-element-7123a0d elementor-section-boxed elementor-section-height-default elementor-section-height-default\" data-id=\"7123a0d\" data-element_type=\"section\" data-settings=\"{&quot;background_background&quot;:&quot;classic&quot;,&quot;_ha_eqh_enable&quot;:false}\">\n\t\t\t\t\t\t<div class=\"elementor-container elementor-column-gap-no\">\n\t\t\t\t\t<div class=\"elementor-column elementor-col-100 elementor-top-column elementor-element elementor-element-2c29ea0\" data-id=\"2c29ea0\" data-element_type=\"column\">\n\t\t\t<div class=\"elementor-widget-wrap elementor-element-populated\">\n\t\t\t\t\t\t<div class=\"elementor-element elementor-element-ccb321e elementor-widget__width-inherit elementor-widget-mobile__width-inherit elementor-widget elementor-widget-heading\" data-id=\"ccb321e\" data-element_type=\"widget\" data-widget_type=\"heading.default\">\n\t\t\t\t<div class=\"elementor-widget-container\">\n\t\t\t\t\t<h6 class=\"elementor-heading-title elementor-size-default\">Vis\u00e3o geral do nosso curr\u00edculo<\/h6>\t\t\t\t<\/div>\n\t\t\t\t<\/div>\n\t\t\t\t<div class=\"elementor-element elementor-element-2518153 elementor-widget elementor-widget-heading\" data-id=\"2518153\" data-element_type=\"widget\" data-widget_type=\"heading.default\">\n\t\t\t\t<div class=\"elementor-widget-container\">\n\t\t\t\t\t<h2 class=\"elementor-heading-title elementor-size-default\">Um compromisso com a excel\u00eancia<\/h2>\t\t\t\t<\/div>\n\t\t\t\t<\/div>\n\t\t\t\t<div class=\"elementor-element elementor-element-f85b75f elementor-widget-mobile__width-inherit elementor-widget-divider--view-line elementor-widget elementor-widget-divider\" data-id=\"f85b75f\" data-element_type=\"widget\" data-widget_type=\"divider.default\">\n\t\t\t\t<div class=\"elementor-widget-container\">\n\t\t\t\t\t\t\t<div class=\"elementor-divider\">\n\t\t\t<span class=\"elementor-divider-separator\">\n\t\t\t\t\t\t<\/span>\n\t\t<\/div>\n\t\t\t\t\t\t<\/div>\n\t\t\t\t<\/div>\n\t\t\t\t<div class=\"elementor-element elementor-element-f30c81c elementor-widget__width-initial elementor-widget-mobile__width-inherit elementor-widget elementor-widget-text-editor\" data-id=\"f30c81c\" data-element_type=\"widget\" data-widget_type=\"text-editor.default\">\n\t\t\t\t<div class=\"elementor-widget-container\">\n\t\t\t\t\t\t\t\t\t<p style=\"text-align: left;\">O Agrupamento de Escolas Abade de Ba\u00e7al, visa oferecer a todos os nossos alunos um curr\u00edculo amplo e equilibrado que proporcione um ensino de qualidade e atividades estimulantes na sua \u00a0prepara\u00e7\u00e3o para o melhor da vida acad\u00e9mica, profissional, social e cultural.<\/p>\t\t\t\t\t\t\t\t<\/div>\n\t\t\t\t<\/div>\n\t\t\t\t<div class=\"elementor-element elementor-element-88101c5 elementor-widget__width-initial elementor-widget-mobile__width-inherit elementor-widget elementor-widget-text-editor\" data-id=\"88101c5\" data-element_type=\"widget\" data-widget_type=\"text-editor.default\">\n\t\t\t\t<div class=\"elementor-widget-container\">\n\t\t\t\t\t\t\t\t\t<p>Seja atrav\u00e9s do Ensino Regular ou do Ensino profissional, garantimos que cada aluno receba uma aten\u00e7\u00e3o pessoal para lidar e prosperar em todas as disciplinas para obter o melhor conhecimento e um futuro melhor.<\/p>\t\t\t\t\t\t\t\t<\/div>\n\t\t\t\t<\/div>\n\t\t\t\t\t<\/div>\n\t\t<\/div>\n\t\t\t\t\t<\/div>\n\t\t<\/section>\n\t\t\t\t<section class=\"elementor-section elementor-top-section elementor-element elementor-element-465d6c1 elementor-section-boxed elementor-section-height-default elementor-section-height-default\" data-id=\"465d6c1\" data-element_type=\"section\" data-settings=\"{&quot;_ha_eqh_enable&quot;:false}\">\n\t\t\t\t\t\t<div class=\"elementor-container elementor-column-gap-no\">\n\t\t\t\t\t<div class=\"elementor-column elementor-col-100 elementor-top-column elementor-element elementor-element-eeac98a\" data-id=\"eeac98a\" data-element_type=\"column\">\n\t\t\t<div class=\"elementor-widget-wrap elementor-element-populated\">\n\t\t\t\t\t\t<div class=\"elementor-element elementor-element-a7c49ba elementor-position-left elementor-vertical-align-middle elementor-widget elementor-widget-image-box\" data-id=\"a7c49ba\" data-element_type=\"widget\" data-widget_type=\"image-box.default\">\n\t\t\t\t<div class=\"elementor-widget-container\">\n\t\t\t\t\t<div class=\"elementor-image-box-wrapper\"><figure class=\"elementor-image-box-img\"><img fetchpriority=\"high\" decoding=\"async\" width=\"1024\" height=\"683\" src=\"https:\/\/www.aeabadebacal.pt\/wp-content\/uploads\/2022\/04\/cursos-cientificohumanisticos-1024x683.jpg\" class=\"attachment-large size-large wp-image-2312\" alt=\"\" srcset=\"https:\/\/www.aeabadebacal.pt\/wp-content\/uploads\/2022\/04\/cursos-cientificohumanisticos-1024x683.jpg 1024w, https:\/\/www.aeabadebacal.pt\/wp-content\/uploads\/2022\/04\/cursos-cientificohumanisticos-300x200.jpg 300w, https:\/\/www.aeabadebacal.pt\/wp-content\/uploads\/2022\/04\/cursos-cientificohumanisticos-768x513.jpg 768w, https:\/\/www.aeabadebacal.pt\/wp-content\/uploads\/2022\/04\/cursos-cientificohumanisticos.jpg 1536w\" sizes=\"(max-width: 1024px) 100vw, 1024px\" \/><\/figure><div class=\"elementor-image-box-content\"><h3 class=\"elementor-image-box-title\">Curso Cientifico- Human\u00edsticos<\/h3><p class=\"elementor-image-box-description\">O Agrupamento tem feito uma aposta ganha no ensino secund\u00e1rio. Podemos orgulhar-nos pela satisfa\u00e7\u00e3o dos nossos alunos face ao ambiente acad\u00e9mico e humano no ensino secund\u00e1rio, face \u00e0 excelente rela\u00e7\u00e3o que t\u00eam com os professores e ao facto de se mostrarem muito bem preparados para os exames nacionais, para a universidade e para a vida social.\nTemos como objetivo geral no nosso agrupamento o fomento da curiosidade e do empenho. No entanto, no ensino secund\u00e1rio \u00e9 ainda mais imprescind\u00edvel que os nossos alunos criem h\u00e1bitos de trabalho aut\u00f3nomo, criando de facto o seu pr\u00f3prio conhecimento.<\/p><\/div><\/div>\t\t\t\t<\/div>\n\t\t\t\t<\/div>\n\t\t\t\t<div class=\"elementor-element elementor-element-e2dba9a elementor-position-left elementor-vertical-align-middle elementor-widget elementor-widget-image-box\" data-id=\"e2dba9a\" data-element_type=\"widget\" data-widget_type=\"image-box.default\">\n\t\t\t\t<div class=\"elementor-widget-container\">\n\t\t\t\t\t<div class=\"elementor-image-box-wrapper\"><figure class=\"elementor-image-box-img\"><img decoding=\"async\" width=\"1280\" height=\"850\" src=\"https:\/\/www.aeabadebacal.pt\/wp-content\/uploads\/2022\/04\/office-business-accountant-620822.jpg\" class=\"attachment-full size-full wp-image-2310\" alt=\"office, business, accountant-620822.jpg\" srcset=\"https:\/\/www.aeabadebacal.pt\/wp-content\/uploads\/2022\/04\/office-business-accountant-620822.jpg 1280w, https:\/\/www.aeabadebacal.pt\/wp-content\/uploads\/2022\/04\/office-business-accountant-620822-300x199.jpg 300w, https:\/\/www.aeabadebacal.pt\/wp-content\/uploads\/2022\/04\/office-business-accountant-620822-1024x680.jpg 1024w, https:\/\/www.aeabadebacal.pt\/wp-content\/uploads\/2022\/04\/office-business-accountant-620822-768x510.jpg 768w\" sizes=\"(max-width: 1280px) 100vw, 1280px\" \/><\/figure><div class=\"elementor-image-box-content\"><h3 class=\"elementor-image-box-title\"><span style=\"color: var(--ast-global-color-2); font-size: 2.5rem; background-color: var( --e-global-color-astglobalcolor5 );\">Curso Profissional de T\u00e9cnico de Multim\u00e9dia<\/span><\/h3><p class=\"elementor-image-box-description\">O T\u00e9cnico de Multim\u00e9dia \u00e9 um profissional qualificado apto a exercer profiss\u00f5es ligadas ao desenho e produ\u00e7\u00e3o digital de conte\u00fados multim\u00e9dia e a desempenhar tarefas de car\u00e1cter t\u00e9cnico e art\u00edstico com vista \u00e0 cria\u00e7\u00e3o de solu\u00e7\u00f5es interativas de comunica\u00e7\u00e3o. <\/p><\/div><\/div>\t\t\t\t<\/div>\n\t\t\t\t<\/div>\n\t\t\t\t<div class=\"elementor-element elementor-element-f37d823 elementor-position-left elementor-vertical-align-middle elementor-widget elementor-widget-image-box\" data-id=\"f37d823\" data-element_type=\"widget\" data-widget_type=\"image-box.default\">\n\t\t\t\t<div class=\"elementor-widget-container\">\n\t\t\t\t\t<div class=\"elementor-image-box-wrapper\"><figure class=\"elementor-image-box-img\"><img decoding=\"async\" width=\"368\" height=\"368\" src=\"https:\/\/www.aeabadebacal.pt\/wp-content\/uploads\/2021\/05\/school-template-curriculum-img-3.jpg\" class=\"attachment-full size-full wp-image-41\" alt=\"\" srcset=\"https:\/\/www.aeabadebacal.pt\/wp-content\/uploads\/2021\/05\/school-template-curriculum-img-3.jpg 368w, https:\/\/www.aeabadebacal.pt\/wp-content\/uploads\/2021\/05\/school-template-curriculum-img-3-300x300.jpg 300w, https:\/\/www.aeabadebacal.pt\/wp-content\/uploads\/2021\/05\/school-template-curriculum-img-3-150x150.jpg 150w\" sizes=\"(max-width: 368px) 100vw, 368px\" \/><\/figure><div class=\"elementor-image-box-content\"><h3 class=\"elementor-image-box-title\">Curso Profissional de T\u00e9cnico de Geriatria<\/h3><p class=\"elementor-image-box-description\">Este curso proporciona os conhecimentos e as compet\u00eancias necess\u00e1rias \u00e0 presta\u00e7\u00e3o de cuidados e assist\u00eancia \u00e0 pessoa idosa, no seu pr\u00f3prio domic\u00edlio ou em institui\u00e7\u00f5es, no cumprimento estrito das regras deontol\u00f3gicas e de \u00e9tica profissional.\nNo final da forma\u00e7\u00e3o poder\u00e1 exercer como t\u00e9cnico no apoio \u00e0 popula\u00e7\u00e3o idosa, em Lares de idosos, Resid\u00eancias Geri\u00e1tricas, Centros de acolhimento, Centros de dia, Centros de conv\u00edvio, Servi\u00e7o de apoio domicili\u00e1rio e Centros de noite, Hospitais.\n\n\n<\/p><\/div><\/div>\t\t\t\t<\/div>\n\t\t\t\t<\/div>\n\t\t\t\t<div class=\"elementor-element elementor-element-f4bd300 elementor-position-left elementor-vertical-align-middle elementor-widget elementor-widget-image-box\" data-id=\"f4bd300\" data-element_type=\"widget\" data-widget_type=\"image-box.default\">\n\t\t\t\t<div class=\"elementor-widget-container\">\n\t\t\t\t\t<div class=\"elementor-image-box-wrapper\"><figure class=\"elementor-image-box-img\"><img loading=\"lazy\" decoding=\"async\" width=\"380\" height=\"380\" src=\"https:\/\/www.aeabadebacal.pt\/wp-content\/uploads\/2022\/04\/Ensino-Geral.png\" class=\"attachment-large size-large wp-image-2325\" alt=\"\" srcset=\"https:\/\/www.aeabadebacal.pt\/wp-content\/uploads\/2022\/04\/Ensino-Geral.png 380w, https:\/\/www.aeabadebacal.pt\/wp-content\/uploads\/2022\/04\/Ensino-Geral-300x300.png 300w, https:\/\/www.aeabadebacal.pt\/wp-content\/uploads\/2022\/04\/Ensino-Geral-150x150.png 150w\" sizes=\"(max-width: 380px) 100vw, 380px\" \/><\/figure><div class=\"elementor-image-box-content\"><h3 class=\"elementor-image-box-title\">Ensino Geral<\/h3><p class=\"elementor-image-box-description\"><b>PR\u00c9-ESCOLAR - <\/b>A entrada na Educa\u00e7\u00e3o Pr\u00e9-Escolar \u00e9 um momento importante na vida de qualquer crian\u00e7a! A equipa que desempenha fun\u00e7\u00f5es na Educa\u00e7\u00e3o Pr\u00e9-Escolar \u00e9 constitu\u00edda por educadoras, assistentes t\u00e9cnicas e operacionais, profissionais altamente qualificadas e experientes, que trabalham de forma articulada, promovendo o progresso, o crescimento, fomentando um ambiente de acolhimento e de integra\u00e7\u00e3o das crian\u00e7as, proporcionando-lhes experi\u00eancias pedag\u00f3gicas que contribuem para o seu pleno desenvolvimento e para a sua felicidade.\n\n<b>\n<\/b><br><br><b>1.\u00ba CICLO -<\/b> O 1\u00ba Ciclo constitui um marco crucial na vida de todas as crian\u00e7as! \u00c9 a viagem da sua vida com imensos momentos experienciados, sorrisos partilhados e frutos colhidos, onde s\u00e3o proporcionadas aos alunos novas descobertas, aprendizagens e muitos sucessos.\n<br><br><b>2.\u00ba CICLO - <\/b>No 2.\u00ba Ciclo, todos os nossos jovens t\u00eam ao seu dispor uma grande diversidade de apoios ao estudo, clubes tem\u00e1ticos e atividades extracurriculares. Como princ\u00edpio geral acreditamos nas Novas Pedagogias Ativas \u2013 centradas no desenvolvimento de projetos cuja base assenta na teoria da auto-organiza\u00e7\u00e3o e do \u201cProject Based Learning\u201d (P.B.L.) ao n\u00edvel da educa\u00e7\u00e3o.\n<br><br><b>3.\u00ba CICLO - <\/b>O 3.\u00ba ciclo \u00e9 um ciclo de estudos fundamental para preparar os alunos para o ensino secund\u00e1rio.\nTodos os nossos jovens t\u00eam ao seu dispor uma grande diversidade de apoios ao estudo, clubes tem\u00e1ticos e atividades extracurriculares.\n<br><br><b>EFA - <\/b>Os Cursos de Educa\u00e7\u00e3o e Forma\u00e7\u00e3o de Adultos (EFA) s\u00e3o uma oferta de educa\u00e7\u00e3o e forma\u00e7\u00e3o para adultos que pretendam elevar as suas qualifica\u00e7\u00f5es, com vista a uma (re)inser\u00e7\u00e3o ou progress\u00e3o no mercado de trabalho.\n\n\n<\/p><\/div><\/div>\t\t\t\t<\/div>\n\t\t\t\t<\/div>\n\t\t\t\t<div class=\"elementor-element elementor-element-25000ed elementor-position-left elementor-vertical-align-middle elementor-widget elementor-widget-image-box\" data-id=\"25000ed\" data-element_type=\"widget\" data-widget_type=\"image-box.default\">\n\t\t\t\t<div class=\"elementor-widget-container\">\n\t\t\t\t\t<div class=\"elementor-image-box-wrapper\"><figure class=\"elementor-image-box-img\"><img loading=\"lazy\" decoding=\"async\" width=\"380\" height=\"380\" src=\"https:\/\/www.aeabadebacal.pt\/wp-content\/uploads\/2022\/04\/1.png\" class=\"attachment-full size-full wp-image-2330\" alt=\"\" srcset=\"https:\/\/www.aeabadebacal.pt\/wp-content\/uploads\/2022\/04\/1.png 380w, https:\/\/www.aeabadebacal.pt\/wp-content\/uploads\/2022\/04\/1-300x300.png 300w, https:\/\/www.aeabadebacal.pt\/wp-content\/uploads\/2022\/04\/1-150x150.png 150w\" sizes=\"(max-width: 380px) 100vw, 380px\" \/><\/figure><div class=\"elementor-image-box-content\"><h3 class=\"elementor-image-box-title\">Academia UBUNTU<\/h3><p class=\"elementor-image-box-description\"><p><span style=\"font-size:12.0pt;line-height:107%\">Escolas Ubuntu \u00e9 um programa de capacita\u00e7\u00e3o destinado a\njovens entre os 12 e os 18 anos, desenvolvido a partir do modelo de lideran\u00e7a\nservidora e com a inspira\u00e7\u00e3o de figuras como Nelson Mandela, Martin Luther King\nou Malala. Ubuntu \u00e9 uma filosofia de origem africana que se traduz na express\u00e3o\n\u201cEu Sou porque tu \u00c9s\u201d, na valoriza\u00e7\u00e3o da interdepend\u00eancia e da solidariedade.\nInspirada por estes valores a Academia visa desenvolver e promover compet\u00eancias\npessoais, sociais e c\u00edvicas dos participantes, contribuindo para a sua\ntransforma\u00e7\u00e3o em agentes de mudan\u00e7a ao servi\u00e7o da comunidade, ajudando a\nconstruir uma cidade mais justa e solid\u00e1ria.<\/span><span style=\"font-style: inherit; font-weight: inherit; background-color: var( --e-global-color-astglobalcolor5 ); color: var(--ast-global-color-3);\"><\/span><\/p><\/p><\/div><\/div>\t\t\t\t<\/div>\n\t\t\t\t<\/div>\n\t\t\t\t\t<\/div>\n\t\t<\/div>\n\t\t\t\t\t<\/div>\n\t\t<\/section>\n\t\t\t\t<\/div>\n\t\t","protected":false},"excerpt":{"rendered":"<p>Vis\u00e3o geral do nosso curr\u00edculo Um compromisso com a excel\u00eancia O Agrupamento de Escolas Abade de Ba\u00e7al, visa oferecer a todos os nossos alunos um curr\u00edculo amplo e equilibrado que proporcione um ensino de qualidade e atividades estimulantes na sua \u00a0prepara\u00e7\u00e3o para o melhor da vida acad\u00e9mica, profissional, social e cultural. Seja atrav\u00e9s do Ensino [&hellip;]<\/p>\n","protected":false},"author":3,"featured_media":0,"parent":0,"menu_order":0,"comment_status":"closed","ping_status":"closed","template":"","meta":{"_eb_attr":"","site-sidebar-layout":"no-sidebar","site-content-layout":"page-builder","ast-site-content-layout":"default","site-content-style":"default","site-sidebar-style":"default","ast-global-header-display":"","ast-banner-title-visibility":"","ast-main-header-display":"","ast-hfb-above-header-display":"","ast-hfb-below-header-display":"","ast-hfb-mobile-header-display":"","site-post-title":"disabled","ast-breadcrumbs-content":"disabled","ast-featured-img":"disabled","footer-sml-layout":"","theme-transparent-header-meta":"default","adv-header-id-meta":"","stick-header-meta":"","header-above-stick-meta":"","header-main-stick-meta":"","header-below-stick-meta":"","astra-migrate-meta-layouts":"default","ast-page-background-enabled":"default","ast-page-background-meta":{"desktop":{"background-color":"","background-image":"","background-repeat":"repeat","background-position":"center center","background-size":"auto","background-attachment":"scroll","background-type":"","background-media":"","overlay-type":"","overlay-color":"","overlay-opacity":"","overlay-gradient":""},"tablet":{"background-color":"","background-image":"","background-repeat":"repeat","background-position":"center center","background-size":"auto","background-attachment":"scroll","background-type":"","background-media":"","overlay-type":"","overlay-color":"","overlay-opacity":"","overlay-gradient":""},"mobile":{"background-color":"","background-image":"","background-repeat":"repeat","background-position":"center center","background-size":"auto","background-attachment":"scroll","background-type":"","background-media":"","overlay-type":"","overlay-color":"","overlay-opacity":"","overlay-gradient":""}},"ast-content-background-meta":{"desktop":{"background-color":"var(--ast-global-color-5)","background-image":"","background-repeat":"repeat","background-position":"center center","background-size":"auto","background-attachment":"scroll","background-type":"","background-media":"","overlay-type":"","overlay-color":"","overlay-opacity":"","overlay-gradient":""},"tablet":{"background-color":"var(--ast-global-color-5)","background-image":"","background-repeat":"repeat","background-position":"center center","background-size":"auto","background-attachment":"scroll","background-type":"","background-media":"","overlay-type":"","overlay-color":"","overlay-opacity":"","overlay-gradient":""},"mobile":{"background-color":"var(--ast-global-color-5)","background-image":"","background-repeat":"repeat","background-position":"center center","background-size":"auto","background-attachment":"scroll","background-type":"","background-media":"","overlay-type":"","overlay-color":"","overlay-opacity":"","overlay-gradient":""}},"footnotes":""},"class_list":["post-153","page","type-page","status-publish","hentry"],"_links":{"self":[{"href":"https:\/\/www.aeabadebacal.pt\/index.php\/wp-json\/wp\/v2\/pages\/153","targetHints":{"allow":["GET"]}}],"collection":[{"href":"https:\/\/www.aeabadebacal.pt\/index.php\/wp-json\/wp\/v2\/pages"}],"about":[{"href":"https:\/\/www.aeabadebacal.pt\/index.php\/wp-json\/wp\/v2\/types\/page"}],"author":[{"embeddable":true,"href":"https:\/\/www.aeabadebacal.pt\/index.php\/wp-json\/wp\/v2\/users\/3"}],"replies":[{"embeddable":true,"href":"https:\/\/www.aeabadebacal.pt\/index.php\/wp-json\/wp\/v2\/comments?post=153"}],"version-history":[{"count":0,"href":"https:\/\/www.aeabadebacal.pt\/index.php\/wp-json\/wp\/v2\/pages\/153\/revisions"}],"wp:attachment":[{"href":"https:\/\/www.aeabadebacal.pt\/index.php\/wp-json\/wp\/v2\/media?parent=153"}],"curies":[{"name":"wp","href":"https:\/\/api.w.org\/{rel}","templated":true}]}}